{"id":3871,"date":"2022-09-28T16:25:21","date_gmt":"2022-09-28T21:25:21","guid":{"rendered":"https:\/\/www.multiploeditions.com\/?page_id=3871"},"modified":"2022-10-04T19:48:38","modified_gmt":"2022-10-05T00:48:38","slug":"cultura-latina-a-traves-de-las-obras-de-jessica-alazraki-una-entrevista-con-jessica-alazraki","status":"publish","type":"page","link":"https:\/\/www.multiploeditions.com\/es\/artistas\/jessica-alazraki\/cultura-latina-a-traves-de-las-obras-de-jessica-alazraki-una-entrevista-con-jessica-alazraki\/","title":{"rendered":"Cultura Latina a trav\u00e9s de las obras de Jessica Alazraki-una entrevista con Jessica Alazraki"},"content":{"rendered":"<p>[vc_row css=&#8221;.vc_custom_1600205290427{padding-top: 5% !important;padding-bottom: 5% !important;}&#8221;][vc_column width=&#8221;1\/2&#8243;][vc_column_text]<\/p>\n<h2>Cultura Latina a trav\u00e9s de las obras de Jessica Alazraki<span style=\"color: #ee4070;\">-una entrevista con Jessica Alazraki<\/span><\/h2>\n<p>[\/vc_column_text][vc_empty_space height=&#8221;20px&#8221;][vc_column_text][\/vc_column_text][vc_empty_space][vc_custom_heading text=&#8221;Ciencias de la Comunicaci\u00f3n, Publicidad, Dise\u00f1o gr\u00e1fico y Direcci\u00f3n de Arte son especialidades que se relacionan y se complementan. \u00bfQu\u00e9 te motiv\u00f3 a estudiarlas y c\u00f3mo describir\u00edas tu etapa profesional cuando decidiste mudarte de M\u00e9xico a Nueva York?&#8221; font_container=&#8221;tag:h5|font_size:18px|text_align:left|color:%23000000&#8243; google_fonts=&#8221;font_family:Montserrat%3Aregular%2C700|font_style:700%20bold%20regular%3A700%3Anormal&#8221; css=&#8221;.vc_custom_1664384813667{padding-bottom: 30px !important;}&#8221;][vc_column_text]<span style=\"font-weight: 400;\">Empec\u00e9 a trabajar en publicidad en el Departamento Creativo cuando era muy joven mientras estudiaba la licenciatura en la Ciudad de M\u00e9xico. Fui redactora durante muchos a\u00f1os, pero siempre me atrajeron las im\u00e1genes y disfrut\u00e9 trabajar en estrecha colaboraci\u00f3n con los directores de arte. Cuando me mud\u00e9 a Nueva York, me contrataron como redactora publicitaria para el mercado hispano de los Estados Unidos. Eventualmente, estudi\u00e9 Dise\u00f1o Gr\u00e1fico en Parsons por la noche, mientras trabajaba durante el d\u00eda y, afortunadamente, pude cambiarme a direcci\u00f3n de arte. Recuerdo estar muy agradecida y emocionada por esa oportunidad.<\/span>[\/vc_column_text][vc_empty_space][vc_custom_heading text=&#8221;A partir de la maternidad comenzaste a trabajar freelance y tomaste clases de dibujo. \u00bfConsideras este momento tu primer inter\u00e9s por el arte o ya ven\u00edas pens\u00e1ndolo desde hace tiempo?&#8221; font_container=&#8221;tag:h5|font_size:18px|text_align:left|color:%23000000&#8243; google_fonts=&#8221;font_family:Montserrat%3Aregular%2C700|font_style:700%20bold%20regular%3A700%3Anormal&#8221; css=&#8221;.vc_custom_1664384862038{padding-bottom: 30px !important;}&#8221;][vc_column_text]<span style=\"font-weight: 400;\">S\u00ed, eso fue precisamente lo que pas\u00f3. Tom\u00e9 una clase de dibujo solo para tener un espacio adulto y creativo, y tambi\u00e9n esperaba ganar dinero haciendo guiones gr\u00e1ficos. No tengo un sentido natural de la proporci\u00f3n como la mayor\u00eda de los dibujantes h\u00e1biles, as\u00ed que nunca pens\u00e9 que ser\u00eda lo m\u00edo; sin embargo, en cuanto comenc\u00e9, me enamor\u00e9 inmediatamente y supe que pasar\u00eda el resto de mi vida como artista. Pens\u00e9 que era un cambio terrible, pero no pude evitarlo. Soy demasiado apasionada por la pintura.<\/span>[\/vc_column_text][\/vc_column][vc_column width=&#8221;1\/2&#8243; css=&#8221;.vc_custom_1600204908886{padding-top: 5% !important;padding-bottom: 5% !important;}&#8221;][vc_single_image image=&#8221;3826&#8243; img_size=&#8221;full&#8221;][\/vc_column][\/vc_row][vc_row full_width=&#8221;stretch_row&#8221; css=&#8221;.vc_custom_1600205368088{padding-top: 5% !important;padding-bottom: 5% !important;background-color: #000000 !important;}&#8221;][vc_column width=&#8221;1\/6&#8243;][\/vc_column][vc_column width=&#8221;2\/3&#8243;][vc_custom_heading text=&#8221;Ser inmigrante y tener esa emoci\u00f3n nost\u00e1lgica es crucial para mi obra. No fue una motivaci\u00f3n, fue m\u00e1s bien un sentimiento; surgi\u00f3 de forma natural pues es lo que soy y lo que conozco.&#8221; font_container=&#8221;tag:h3|font_size:40px|text_align:center|color:%23ffffff&#8221; google_fonts=&#8221;font_family:PT%20Serif%3Aregular%2Citalic%2C700%2C700italic|font_style:400%20italic%3A400%3Aitalic&#8221;][\/vc_column][vc_column width=&#8221;1\/6&#8243;][\/vc_column][\/vc_row][vc_row css=&#8221;.vc_custom_1600205744910{padding-top: 5% !important;padding-bottom: 5% !important;}&#8221;][vc_column width=&#8221;1\/2&#8243;][vc_empty_space height=&#8221;45px&#8221;][vc_hoverbox image=&#8221;3886&#8243; primary_title=&#8221;&#8221; primary_title_google_fonts=&#8221;font_family:Montserrat%3Aregular%2C700|font_style:700%20bold%20regular%3A700%3Anormal&#8221; hover_title=&#8221;Legos &amp; Secrets&#8221; hover_title_font_container=&#8221;font_size:24px|color:%23ffffff&#8221; hover_title_google_fonts=&#8221;font_family:Montserrat%3Aregular%2C700|font_style:700%20bold%20regular%3A700%3Anormal&#8221; shape=&#8221;square&#8221; hover_background_color=&#8221;custom&#8221; hover_btn_title=&#8221;COMPRAR&#8221; hover_btn_style=&#8221;flat&#8221; hover_btn_shape=&#8221;square&#8221; hover_btn_color=&#8221;white&#8221; hover_btn_align=&#8221;center&#8221; use_custom_fonts_primary_title=&#8221;true&#8221; use_custom_fonts_hover_title=&#8221;true&#8221; hover_add_button=&#8221;true&#8221; hover_custom_background=&#8221;rgba(238,64,112,0.85)&#8221; hover_btn_link=&#8221;url:https%3A%2F%2Fwww.multiploeditions.com%2Fes%2Fproducto%2Flegos-secrets%2F|title:Untitled&#8221; el_class=&#8221;hoverAW&#8221;]Serigraf\u00eda, 27,5 x 33 in (69,8 x 83,8 cm)<br \/>\nProducido en Fabriano 300gr[\/vc_hoverbox][\/vc_column][vc_column width=&#8221;1\/2&#8243; css=&#8221;.vc_custom_1600282448366{padding-top: 15% !important;}&#8221;][vc_custom_heading text=&#8221;Estudiaste en la Academia de Arte de Nueva York, espec\u00edficamente dibujo y pintura, etapa en la que te interesaste tambi\u00e9n por la figuraci\u00f3n. \u00bfC\u00f3mo se conecta esta etapa con tu obra actual?&#8221; font_container=&#8221;tag:h5|font_size:18px|text_align:left|color:%23000000&#8243; google_fonts=&#8221;font_family:Montserrat%3Aregular%2C700|font_style:700%20bold%20regular%3A700%3Anormal&#8221; css=&#8221;.vc_custom_1664385057243{padding-bottom: 30px !important;}&#8221;][vc_column_text]<span style=\"font-weight: 400;\">Pas\u00e9 muchos a\u00f1os aprendiendo anatom\u00eda y pintura de figuras. Nunca me sent\u00ed confiada al respecto pues no tengo un sentido natural de la proporci\u00f3n. Sin embargo, estaba fascinada y sab\u00eda que, aunque nunca tuve el objetivo de hacer trabajos fotorrealistas o ser precisa con el dibujo, cuantas m\u00e1s herramientas tienes, mejor se torna el trabajo. Siempre doy prioridad a la emoci\u00f3n frente a la realidad objetiva, pero tambi\u00e9n quer\u00eda que los retratos tuvieran dimensi\u00f3n y sofisticaci\u00f3n, y el aprendizaje en la academia me dio ese poder. Adem\u00e1s de la t\u00e9cnica tambi\u00e9n aprend\u00ed a buscar mi voz como artista.<\/span>[\/vc_column_text][vc_empty_space][vc_custom_heading text=&#8221;\u00bfCu\u00e1l fue la exhibici\u00f3n que te mostr\u00f3 p\u00fablicamente como artista? \u00bfCrees que signific\u00f3 un punto de gira en tu carrera?&#8221; font_container=&#8221;tag:h5|font_size:18px|text_align:left|color:%23000000&#8243; google_fonts=&#8221;font_family:Montserrat%3Aregular%2C700|font_style:700%20bold%20regular%3A700%3Anormal&#8221; css=&#8221;.vc_custom_1664385105559{padding-bottom: 30px !important;}&#8221;][vc_column_text]<span style=\"font-weight: 400;\">S\u00ed, por supuesto. La exposici\u00f3n individual <\/span><i><span style=\"font-weight: 400;\">La Familia<\/span><\/i><span style=\"font-weight: 400;\"> en Black Wall Street Gallery en el 2021 lo cambi\u00f3 todo para m\u00ed. El show se vendi\u00f3 en su totalidad, conoc\u00ed a la mayor\u00eda de mis coleccionistas en ese momento y comenc\u00e9 a trabajar con personas incre\u00edbles. Siempre atesorar\u00e9 esos d\u00edas. Me abri\u00f3 la puerta.<\/span>[\/vc_column_text][\/vc_column][\/vc_row][vc_row full_width=&#8221;stretch_row&#8221; css=&#8221;.vc_custom_1600283110369{padding-top: 5% !important;background-color: #f4f4f4 !important;}&#8221;][vc_column width=&#8221;1\/6&#8243;][\/vc_column][vc_column width=&#8221;2\/3&#8243;][vc_custom_heading text=&#8221;Por lo general los t\u00edtulos de tus obras poseen una narrativa literal de lo que se observa en la pintura. \u00bfC\u00f3mo los seleccionas: antes o despu\u00e9s de terminar la pieza?&#8221; font_container=&#8221;tag:h5|font_size:18px|text_align:left|color:%23000000&#8243; google_fonts=&#8221;font_family:Montserrat%3Aregular%2C700|font_style:700%20bold%20regular%3A700%3Anormal&#8221; css=&#8221;.vc_custom_1664385221839{padding-bottom: 30px !important;}&#8221;][vc_column_text]<span style=\"font-weight: 400;\">Nunca pienso mucho en eso. Selecciono el t\u00edtulo despu\u00e9s de terminar una pintura. Mis hijos piensan que son divertid\u00edsimos, lo cual tomo como un cumplido, pero no se colocan premeditadamente. Hacerlos lo m\u00e1s sencillos posible es solo una forma de reconocerlos: se trata de la narrativa y los colores primarios.<\/span>[\/vc_column_text][vc_separator color=&#8221;custom&#8221; css=&#8221;.vc_custom_1601566402107{padding-top: 40px !important;padding-bottom: 40px !important;}&#8221; accent_color=&#8221;#ee4070&#8243;][\/vc_column][vc_column width=&#8221;1\/6&#8243;][\/vc_column][\/vc_row][vc_row full_width=&#8221;stretch_row&#8221; css=&#8221;.vc_custom_1600283190266{padding-bottom: 5% !important;background-color: #f4f4f4 !important;}&#8221;][vc_column width=&#8221;1\/6&#8243;][\/vc_column][vc_column width=&#8221;2\/3&#8243;][vc_custom_heading text=&#8221;Aunque utilizas referencias fotogr\u00e1ficas para crear, no las copias directamente ni realizas sketches. \u00bfC\u00f3mo manejas la libertad creativa durante el proceso y cu\u00e1les son los l\u00edmites que desaf\u00edas?&#8221; font_container=&#8221;tag:h5|font_size:18px|text_align:left|color:%23000000&#8243; google_fonts=&#8221;font_family:Montserrat%3Aregular%2C700|font_style:700%20bold%20regular%3A700%3Anormal&#8221; css=&#8221;.vc_custom_1664385298347{padding-bottom: 30px !important;}&#8221;][vc_column_text]<span style=\"font-weight: 400;\">Dibujar no es para m\u00ed, creo que en el lienzo debe aparecer mucha personalidad, y soy hiperactiva, espont\u00e1nea e impaciente. Siempre empiezo con un rostro y trabajo en torno a \u00e9l sin saber el resultado. Me encanta la libertad de mi proceso y la sorpresa de c\u00f3mo terminar\u00e1 luciendo. Es m\u00e1s f\u00e1cil tirar algo al lienzo, empezar a reaccionar y construirlo sobre la marcha. De lo contrario, no puedo hacerlo. Tambi\u00e9n la crudeza y los primeros trazos son siempre mi mejor trabajo. Eso es lo que hace que mi obra sea fresca y llena de car\u00e1cter.<\/span>[\/vc_column_text][\/vc_column][vc_column width=&#8221;1\/6&#8243;][\/vc_column][\/vc_row][vc_row full_width=&#8221;stretch_row&#8221; css=&#8221;.vc_custom_1601566497279{padding-top: 7% !important;padding-bottom: 7% !important;background-color: #ffffff !important;}&#8221;][vc_column width=&#8221;1\/2&#8243;][vc_custom_heading text=&#8221;Viviendo en Nueva York, la din\u00e1mica del arte es siempre agitada, en ocasiones dentro de un ambiente competitivo. \u00bfTe sientes parte de este ambiente o prefieres un poco m\u00e1s de tranquilidad?&#8221; font_container=&#8221;tag:h5|font_size:18px|text_align:left|color:%23000000&#8243; google_fonts=&#8221;font_family:Montserrat%3Aregular%2C700|font_style:700%20bold%20regular%3A700%3Anormal&#8221; css=&#8221;.vc_custom_1664385366642{padding-bottom: 30px !important;}&#8221;][vc_column_text]<span style=\"font-weight: 400;\">Estoy enamorada de Nueva York. Me siento libre, c\u00f3moda en mi piel, en\u00e9rgica, feliz, ambiciosa y productiva. S\u00ed, reconozco que es cara y competitiva, pero nunca la cambiar\u00eda por ninguna otra ciudad. Siento que las ciudades m\u00e1s lentas son aburridas. Creo que viajar por el mundo es importante, aprecio la naturaleza y desear\u00eda pasar los veranos en la playa, pero Nueva York es mi hogar.<\/span>[\/vc_column_text][vc_separator color=&#8221;custom&#8221; css=&#8221;.vc_custom_1601566402107{padding-top: 40px !important;padding-bottom: 40px !important;}&#8221; accent_color=&#8221;#ee4070&#8243;][vc_custom_heading text=&#8221;Eres mujer, madre, emigrante y artista. \u00bfCu\u00e1les son los mayores retos a los que te has enfrentado para desarrollar tu carrera profesional?&#8221; font_container=&#8221;tag:h5|font_size:18px|text_align:left|color:%23000000&#8243; google_fonts=&#8221;font_family:Montserrat%3Aregular%2C700|font_style:700%20bold%20regular%3A700%3Anormal&#8221; css=&#8221;.vc_custom_1664385411661{padding-bottom: 30px !important;}&#8221;][vc_column_text]<span style=\"font-weight: 400;\">Bueno, el mundo del arte es brutal y cortante. Cada uno tiene un viaje diferente porque es tu vida, no un trabajo. Es por ello por lo que es tan desafiante y no ofrece un salario mensual como otros trabajos. Uno de los retos de la maternidad es que perd\u00ed muchos a\u00f1os productivos y comenc\u00e9 un poco tarde debido a mi trabajo anterior; pero al mismo tiempo, eso es lo que pinto sobre ser madre e inmigrante. Esos sentimientos y esa perspectiva de vida es lo que trato de comunicar con mi obra. Esa es mi esencia.<\/span>[\/vc_column_text][\/vc_column][vc_column width=&#8221;1\/2&#8243;][vc_single_image image=&#8221;3891&#8243; img_size=&#8221;full&#8221;][\/vc_column][\/vc_row][vc_row full_width=&#8221;stretch_row&#8221; css=&#8221;.vc_custom_1601566497279{padding-top: 7% !important;padding-bottom: 7% !important;background-color: #ffffff !important;}&#8221;][vc_column width=&#8221;1\/2&#8243;][vc_single_image image=&#8221;3880&#8243; img_size=&#8221;full&#8221;][\/vc_column][vc_column width=&#8221;1\/2&#8243;][vc_custom_heading text=&#8221;Escenas coloridas de familias mexicanas en la cotidianidad es el tema principal en tu obra, destacando ni\u00f1os, perros y gatos, estos dos \u00faltimos mirando casi siempre frontal al espectador. \u00bfQu\u00e9 te motiv\u00f3 a pintarlos y c\u00f3mo desarrollas el argumento \u201ccinematogr\u00e1fico\u201d?&#8221; font_container=&#8221;tag:h5|font_size:18px|text_align:left|color:%23000000&#8243; google_fonts=&#8221;font_family:Montserrat%3Aregular%2C700|font_style:700%20bold%20regular%3A700%3Anormal&#8221; css=&#8221;.vc_custom_1664385459469{padding-bottom: 30px !important;}&#8221;][vc_column_text]<span style=\"font-weight: 400;\">Ser inmigrante y tener esa emoci\u00f3n nost\u00e1lgica es crucial para mi obra. No fue una motivaci\u00f3n, fue m\u00e1s bien un sentimiento; surgi\u00f3 de forma natural pues es lo que soy y lo que conozco.<\/span><span style=\"font-weight: 400;\"> El argumento cinematogr\u00e1fico viene en mi ADN ya que trabajaba en publicidad, me encanta el cine y mi familia en M\u00e9xico se dedica al entretenimiento. Mi abuelo fue director de cine.<\/span>[\/vc_column_text][vc_separator color=&#8221;custom&#8221; css=&#8221;.vc_custom_1601566402107{padding-top: 40px !important;padding-bottom: 40px !important;}&#8221; accent_color=&#8221;#ee4070&#8243;][vc_custom_heading text=&#8221;\u00bfCu\u00e1les son tus aspiraciones profesionales m\u00e1s inmediatas?&#8221; font_container=&#8221;tag:h5|font_size:18px|text_align:left|color:%23000000&#8243; google_fonts=&#8221;font_family:Montserrat%3Aregular%2C700|font_style:700%20bold%20regular%3A700%3Anormal&#8221; css=&#8221;.vc_custom_1664385513789{padding-bottom: 30px !important;}&#8221;][vc_column_text]<span style=\"font-weight: 400;\">Soy ambiciosa, me encanta estar ocupada y bajo presi\u00f3n. Pinto todos los d\u00edas y soy muy prol\u00edfica, as\u00ed que me gusta tener muchas cosas en marcha. Quiero aumentar mi red de coleccionistas, vender m\u00e1s obras y conseguir m\u00e1s reconocimiento a trav\u00e9s de museos e instituciones. La pintura es la devoci\u00f3n de mi vida. Quiero seguir construyendo una carrera s\u00f3lida que pueda ser sostenible y, con suerte, que se tome en serio.<\/span>[\/vc_column_text][vc_separator color=&#8221;custom&#8221; css=&#8221;.vc_custom_1601566402107{padding-top: 40px !important;padding-bottom: 40px !important;}&#8221; accent_color=&#8221;#ee4070&#8243;][vc_custom_heading text=&#8221;De tu colaboraci\u00f3n con Multiplo va a nacer una nueva versi\u00f3n de una de tus obras m\u00e1s destacadas que va a permitir expandirte hacia otros soportes y coleccionistas. \u00bfCu\u00e1l ha sido el proceso de trabajo para este proyecto en espec\u00edfico, incluyendo la selecci\u00f3n de la pieza?&#8221; font_container=&#8221;tag:h5|font_size:18px|text_align:left|color:%23000000&#8243; google_fonts=&#8221;font_family:Montserrat%3Aregular%2C700|font_style:700%20bold%20regular%3A700%3Anormal&#8221; css=&#8221;.vc_custom_1664385589187{padding-bottom: 30px !important;}&#8221;][vc_column_text]<span style=\"font-weight: 400;\">Multiplo seleccion\u00f3 la pieza y yo qued\u00e9 encantada. Trabajar con ellos ha sido un placer. La impresi\u00f3n tiene una calidad extraordinaria y espero que sigamos colaborando. <\/span>[\/vc_column_text][\/vc_column][\/vc_row]<\/p>\n","protected":false},"excerpt":{"rendered":"<p>[vc_row css=&#8221;.vc_custom_1600205290427{padding-top: 5% !important;padding-bottom: 5% !important;}&#8221;][vc_column width=&#8221;1\/2&#8243;][vc_column_text] Cultura Latina a trav\u00e9s de las obras de Jessica Alazraki-una entrevista con Jessica Alazraki [\/vc_column_text][vc_empty_space height=&#8221;20px&#8221;][vc_column_text][\/vc_column_text][vc_empty_space][vc_custom_heading text=&#8221;Ciencias de la Comunicaci\u00f3n, Publicidad, Dise\u00f1o gr\u00e1fico y Direcci\u00f3n de Arte son especialidades que se relacionan y se complementan. \u00bfQu\u00e9 te motiv\u00f3 a estudiarlas y c\u00f3mo describir\u00edas tu etapa profesional cuando decidiste [&hellip;]<\/p>\n","protected":false},"author":19,"featured_media":0,"parent":3619,"menu_order":0,"comment_status":"closed","ping_status":"closed","template":"template-page.php","meta":{"_acf_changed":false,"_glsr_average":0,"_glsr_ranking":0,"_glsr_reviews":0,"footnotes":""},"class_list":["post-3871","page","type-page","status-publish","hentry"],"acf":[],"yoast_head":"<!-- This site is optimized with the Yoast SEO plugin v27.4 - https:\/\/yoast.com\/product\/yoast-seo-wordpress\/ -->\n<title>Cultura Latina a trav\u00e9s de las obras de Jessica Alazraki-una entrevista con Jessica Alazraki - Multiplo Editions<\/title>\n<meta name=\"robots\" content=\"index, follow, max-snippet:-1, max-image-preview:large, max-video-preview:-1\" \/>\n<link rel=\"canonical\" href=\"https:\/\/www.multiploeditions.com\/es\/artistas\/jessica-alazraki\/cultura-latina-a-traves-de-las-obras-de-jessica-alazraki-una-entrevista-con-jessica-alazraki\/\" \/>\n<meta property=\"og:locale\" content=\"es_ES\" \/>\n<meta property=\"og:type\" content=\"article\" \/>\n<meta property=\"og:title\" content=\"Cultura Latina a trav\u00e9s de las obras de Jessica Alazraki-una entrevista con Jessica Alazraki - Multiplo Editions\" \/>\n<meta property=\"og:description\" content=\"[vc_row css=&#8221;.vc_custom_1600205290427{padding-top: 5% !important;padding-bottom: 5% !important;}&#8221;][vc_column width=&#8221;1\/2&#8243;][vc_column_text] Cultura Latina a trav\u00e9s de las obras de Jessica Alazraki-una entrevista con Jessica Alazraki [\/vc_column_text][vc_empty_space height=&#8221;20px&#8221;][vc_column_text][\/vc_column_text][vc_empty_space][vc_custom_heading text=&#8221;Ciencias de la Comunicaci\u00f3n, Publicidad, Dise\u00f1o gr\u00e1fico y Direcci\u00f3n de Arte son especialidades que se relacionan y se complementan. \u00bfQu\u00e9 te motiv\u00f3 a estudiarlas y c\u00f3mo describir\u00edas tu etapa profesional cuando decidiste [&hellip;]\" \/>\n<meta property=\"og:url\" content=\"https:\/\/www.multiploeditions.com\/es\/artistas\/jessica-alazraki\/cultura-latina-a-traves-de-las-obras-de-jessica-alazraki-una-entrevista-con-jessica-alazraki\/\" \/>\n<meta property=\"og:site_name\" content=\"Multiplo Editions\" \/>\n<meta property=\"article:modified_time\" content=\"2022-10-05T00:48:38+00:00\" \/>\n<meta name=\"twitter:card\" content=\"summary_large_image\" \/>\n<meta name=\"twitter:label1\" content=\"Tiempo de lectura\" \/>\n\t<meta name=\"twitter:data1\" content=\"7 minutos\" \/>\n<script type=\"application\/ld+json\" class=\"yoast-schema-graph\">{\"@context\":\"https:\\\/\\\/schema.org\",\"@graph\":[{\"@type\":\"WebPage\",\"@id\":\"https:\\\/\\\/www.multiploeditions.com\\\/es\\\/artistas\\\/jessica-alazraki\\\/cultura-latina-a-traves-de-las-obras-de-jessica-alazraki-una-entrevista-con-jessica-alazraki\\\/\",\"url\":\"https:\\\/\\\/www.multiploeditions.com\\\/es\\\/artistas\\\/jessica-alazraki\\\/cultura-latina-a-traves-de-las-obras-de-jessica-alazraki-una-entrevista-con-jessica-alazraki\\\/\",\"name\":\"Cultura Latina a trav\u00e9s de las obras de Jessica Alazraki-una entrevista con Jessica Alazraki - Multiplo Editions\",\"isPartOf\":{\"@id\":\"https:\\\/\\\/www.multiploeditions.com\\\/es\\\/#website\"},\"datePublished\":\"2022-09-28T21:25:21+00:00\",\"dateModified\":\"2022-10-05T00:48:38+00:00\",\"breadcrumb\":{\"@id\":\"https:\\\/\\\/www.multiploeditions.com\\\/es\\\/artistas\\\/jessica-alazraki\\\/cultura-latina-a-traves-de-las-obras-de-jessica-alazraki-una-entrevista-con-jessica-alazraki\\\/#breadcrumb\"},\"inLanguage\":\"es\",\"potentialAction\":[{\"@type\":\"ReadAction\",\"target\":[\"https:\\\/\\\/www.multiploeditions.com\\\/es\\\/artistas\\\/jessica-alazraki\\\/cultura-latina-a-traves-de-las-obras-de-jessica-alazraki-una-entrevista-con-jessica-alazraki\\\/\"]}]},{\"@type\":\"BreadcrumbList\",\"@id\":\"https:\\\/\\\/www.multiploeditions.com\\\/es\\\/artistas\\\/jessica-alazraki\\\/cultura-latina-a-traves-de-las-obras-de-jessica-alazraki-una-entrevista-con-jessica-alazraki\\\/#breadcrumb\",\"itemListElement\":[{\"@type\":\"ListItem\",\"position\":1,\"name\":\"Home\",\"item\":\"https:\\\/\\\/www.multiploeditions.com\\\/es\\\/\"},{\"@type\":\"ListItem\",\"position\":2,\"name\":\"Artistas\",\"item\":\"https:\\\/\\\/www.multiploeditions.com\\\/es\\\/artistas\\\/\"},{\"@type\":\"ListItem\",\"position\":3,\"name\":\"Jessica Alazraki\",\"item\":\"https:\\\/\\\/www.multiploeditions.com\\\/es\\\/artistas\\\/jessica-alazraki\\\/\"},{\"@type\":\"ListItem\",\"position\":4,\"name\":\"Cultura Latina a trav\u00e9s de las obras de Jessica Alazraki-una entrevista con Jessica Alazraki\"}]},{\"@type\":\"WebSite\",\"@id\":\"https:\\\/\\\/www.multiploeditions.com\\\/es\\\/#website\",\"url\":\"https:\\\/\\\/www.multiploeditions.com\\\/es\\\/\",\"name\":\"Multiplo\",\"description\":\"Art can change lives\",\"publisher\":{\"@id\":\"https:\\\/\\\/www.multiploeditions.com\\\/es\\\/#organization\"},\"potentialAction\":[{\"@type\":\"SearchAction\",\"target\":{\"@type\":\"EntryPoint\",\"urlTemplate\":\"https:\\\/\\\/www.multiploeditions.com\\\/es\\\/?s={search_term_string}\"},\"query-input\":{\"@type\":\"PropertyValueSpecification\",\"valueRequired\":true,\"valueName\":\"search_term_string\"}}],\"inLanguage\":\"es\"},{\"@type\":\"Organization\",\"@id\":\"https:\\\/\\\/www.multiploeditions.com\\\/es\\\/#organization\",\"name\":\"Multiplo\",\"url\":\"https:\\\/\\\/www.multiploeditions.com\\\/es\\\/\",\"logo\":{\"@type\":\"ImageObject\",\"inLanguage\":\"es\",\"@id\":\"https:\\\/\\\/www.multiploeditions.com\\\/es\\\/#\\\/schema\\\/logo\\\/image\\\/\",\"url\":\"https:\\\/\\\/www.multiploeditions.com\\\/wp-content\\\/uploads\\\/2020\\\/11\\\/apple-touch-icon.png\",\"contentUrl\":\"https:\\\/\\\/www.multiploeditions.com\\\/wp-content\\\/uploads\\\/2020\\\/11\\\/apple-touch-icon.png\",\"width\":1024,\"height\":1024,\"caption\":\"Multiplo\"},\"image\":{\"@id\":\"https:\\\/\\\/www.multiploeditions.com\\\/es\\\/#\\\/schema\\\/logo\\\/image\\\/\"},\"sameAs\":[\"http:\\\/\\\/instagram.com\\\/multi_plo\"]}]}<\/script>\n<!-- \/ Yoast SEO plugin. -->","yoast_head_json":{"title":"Cultura Latina a trav\u00e9s de las obras de Jessica Alazraki-una entrevista con Jessica Alazraki - Multiplo Editions","robots":{"index":"index","follow":"follow","max-snippet":"max-snippet:-1","max-image-preview":"max-image-preview:large","max-video-preview":"max-video-preview:-1"},"canonical":"https:\/\/www.multiploeditions.com\/es\/artistas\/jessica-alazraki\/cultura-latina-a-traves-de-las-obras-de-jessica-alazraki-una-entrevista-con-jessica-alazraki\/","og_locale":"es_ES","og_type":"article","og_title":"Cultura Latina a trav\u00e9s de las obras de Jessica Alazraki-una entrevista con Jessica Alazraki - Multiplo Editions","og_description":"[vc_row css=&#8221;.vc_custom_1600205290427{padding-top: 5% !important;padding-bottom: 5% !important;}&#8221;][vc_column width=&#8221;1\/2&#8243;][vc_column_text] Cultura Latina a trav\u00e9s de las obras de Jessica Alazraki-una entrevista con Jessica Alazraki [\/vc_column_text][vc_empty_space height=&#8221;20px&#8221;][vc_column_text][\/vc_column_text][vc_empty_space][vc_custom_heading text=&#8221;Ciencias de la Comunicaci\u00f3n, Publicidad, Dise\u00f1o gr\u00e1fico y Direcci\u00f3n de Arte son especialidades que se relacionan y se complementan. \u00bfQu\u00e9 te motiv\u00f3 a estudiarlas y c\u00f3mo describir\u00edas tu etapa profesional cuando decidiste [&hellip;]","og_url":"https:\/\/www.multiploeditions.com\/es\/artistas\/jessica-alazraki\/cultura-latina-a-traves-de-las-obras-de-jessica-alazraki-una-entrevista-con-jessica-alazraki\/","og_site_name":"Multiplo Editions","article_modified_time":"2022-10-05T00:48:38+00:00","twitter_card":"summary_large_image","twitter_misc":{"Tiempo de lectura":"7 minutos"},"schema":{"@context":"https:\/\/schema.org","@graph":[{"@type":"WebPage","@id":"https:\/\/www.multiploeditions.com\/es\/artistas\/jessica-alazraki\/cultura-latina-a-traves-de-las-obras-de-jessica-alazraki-una-entrevista-con-jessica-alazraki\/","url":"https:\/\/www.multiploeditions.com\/es\/artistas\/jessica-alazraki\/cultura-latina-a-traves-de-las-obras-de-jessica-alazraki-una-entrevista-con-jessica-alazraki\/","name":"Cultura Latina a trav\u00e9s de las obras de Jessica Alazraki-una entrevista con Jessica Alazraki - Multiplo Editions","isPartOf":{"@id":"https:\/\/www.multiploeditions.com\/es\/#website"},"datePublished":"2022-09-28T21:25:21+00:00","dateModified":"2022-10-05T00:48:38+00:00","breadcrumb":{"@id":"https:\/\/www.multiploeditions.com\/es\/artistas\/jessica-alazraki\/cultura-latina-a-traves-de-las-obras-de-jessica-alazraki-una-entrevista-con-jessica-alazraki\/#breadcrumb"},"inLanguage":"es","potentialAction":[{"@type":"ReadAction","target":["https:\/\/www.multiploeditions.com\/es\/artistas\/jessica-alazraki\/cultura-latina-a-traves-de-las-obras-de-jessica-alazraki-una-entrevista-con-jessica-alazraki\/"]}]},{"@type":"BreadcrumbList","@id":"https:\/\/www.multiploeditions.com\/es\/artistas\/jessica-alazraki\/cultura-latina-a-traves-de-las-obras-de-jessica-alazraki-una-entrevista-con-jessica-alazraki\/#breadcrumb","itemListElement":[{"@type":"ListItem","position":1,"name":"Home","item":"https:\/\/www.multiploeditions.com\/es\/"},{"@type":"ListItem","position":2,"name":"Artistas","item":"https:\/\/www.multiploeditions.com\/es\/artistas\/"},{"@type":"ListItem","position":3,"name":"Jessica Alazraki","item":"https:\/\/www.multiploeditions.com\/es\/artistas\/jessica-alazraki\/"},{"@type":"ListItem","position":4,"name":"Cultura Latina a trav\u00e9s de las obras de Jessica Alazraki-una entrevista con Jessica Alazraki"}]},{"@type":"WebSite","@id":"https:\/\/www.multiploeditions.com\/es\/#website","url":"https:\/\/www.multiploeditions.com\/es\/","name":"Multiplo","description":"Art can change lives","publisher":{"@id":"https:\/\/www.multiploeditions.com\/es\/#organization"},"potentialAction":[{"@type":"SearchAction","target":{"@type":"EntryPoint","urlTemplate":"https:\/\/www.multiploeditions.com\/es\/?s={search_term_string}"},"query-input":{"@type":"PropertyValueSpecification","valueRequired":true,"valueName":"search_term_string"}}],"inLanguage":"es"},{"@type":"Organization","@id":"https:\/\/www.multiploeditions.com\/es\/#organization","name":"Multiplo","url":"https:\/\/www.multiploeditions.com\/es\/","logo":{"@type":"ImageObject","inLanguage":"es","@id":"https:\/\/www.multiploeditions.com\/es\/#\/schema\/logo\/image\/","url":"https:\/\/www.multiploeditions.com\/wp-content\/uploads\/2020\/11\/apple-touch-icon.png","contentUrl":"https:\/\/www.multiploeditions.com\/wp-content\/uploads\/2020\/11\/apple-touch-icon.png","width":1024,"height":1024,"caption":"Multiplo"},"image":{"@id":"https:\/\/www.multiploeditions.com\/es\/#\/schema\/logo\/image\/"},"sameAs":["http:\/\/instagram.com\/multi_plo"]}]}},"_links":{"self":[{"href":"https:\/\/www.multiploeditions.com\/es\/wp-json\/wp\/v2\/pages\/3871","targetHints":{"allow":["GET"]}}],"collection":[{"href":"https:\/\/www.multiploeditions.com\/es\/wp-json\/wp\/v2\/pages"}],"about":[{"href":"https:\/\/www.multiploeditions.com\/es\/wp-json\/wp\/v2\/types\/page"}],"author":[{"embeddable":true,"href":"https:\/\/www.multiploeditions.com\/es\/wp-json\/wp\/v2\/users\/19"}],"replies":[{"embeddable":true,"href":"https:\/\/www.multiploeditions.com\/es\/wp-json\/wp\/v2\/comments?post=3871"}],"version-history":[{"count":6,"href":"https:\/\/www.multiploeditions.com\/es\/wp-json\/wp\/v2\/pages\/3871\/revisions"}],"predecessor-version":[{"id":3919,"href":"https:\/\/www.multiploeditions.com\/es\/wp-json\/wp\/v2\/pages\/3871\/revisions\/3919"}],"up":[{"embeddable":true,"href":"https:\/\/www.multiploeditions.com\/es\/wp-json\/wp\/v2\/pages\/3619"}],"wp:attachment":[{"href":"https:\/\/www.multiploeditions.com\/es\/wp-json\/wp\/v2\/media?parent=3871"}],"curies":[{"name":"wp","href":"https:\/\/api.w.org\/{rel}","templated":true}]}}